{"version":"1.0","provider_name":"Kosmetyki naturalne Resibo","provider_url":"https:\/\/resibo.pl\/blog","title":"Energetyzuj\u0105ca esencja odm\u0142adzaj\u0105ca - najm\u0142odsze dziecko ju\u017c na \u015bwiecie! - Kosmetyki naturalne Resibo","type":"rich","width":600,"height":338,"html":"<blockquote class=\"wp-embedded-content\" data-secret=\"DSr3QF3SgX\"><a href=\"https:\/\/resibo.pl\/blog\/energetyzujaca-esencja-odmladzajaca-najmlodsze-dziecko-juz-swiecie\/\">Energetyzuj\u0105ca esencja odm\u0142adzaj\u0105ca &#8211; najm\u0142odsze dziecko ju\u017c na \u015bwiecie!<\/a><\/blockquote><iframe sandbox=\"allow-scripts\" security=\"restricted\" src=\"https:\/\/resibo.pl\/blog\/energetyzujaca-esencja-odmladzajaca-najmlodsze-dziecko-juz-swiecie\/embed\/#?secret=DSr3QF3SgX\" width=\"600\" height=\"338\" title=\"&#8222;Energetyzuj\u0105ca esencja odm\u0142adzaj\u0105ca &#8211; najm\u0142odsze dziecko ju\u017c na \u015bwiecie!&#8221; &#8212; Kosmetyki naturalne Resibo\" data-secret=\"DSr3QF3SgX\" frameborder=\"0\" marginwidth=\"0\" marginheight=\"0\" scrolling=\"no\" class=\"wp-embedded-content\"><\/iframe><script type=\"text\/javascript\">\n\/* <![CDATA[ *\/\n\/*! This file is auto-generated *\/\n!function(d,l){\"use strict\";l.querySelector&&d.addEventListener&&\"undefined\"!=typeof URL&&(d.wp=d.wp||{},d.wp.receiveEmbedMessage||(d.wp.receiveEmbedMessage=function(e){var t=e.data;if((t||t.secret||t.message||t.value)&&!\/[^a-zA-Z0-9]\/.test(t.secret)){for(var s,r,n,a=l.querySelectorAll('iframe[data-secret=\"'+t.secret+'\"]'),o=l.querySelectorAll('blockquote[data-secret=\"'+t.secret+'\"]'),c=new RegExp(\"^https?:$\",\"i\"),i=0;i<o.length;i++)o[i].style.display=\"none\";for(i=0;i<a.length;i++)s=a[i],e.source===s.contentWindow&&(s.removeAttribute(\"style\"),\"height\"===t.message?(1e3<(r=parseInt(t.value,10))?r=1e3:~~r<200&&(r=200),s.height=r):\"link\"===t.message&&(r=new URL(s.getAttribute(\"src\")),n=new URL(t.value),c.test(n.protocol))&&n.host===r.host&&l.activeElement===s&&(d.top.location.href=t.value))}},d.addEventListener(\"message\",d.wp.receiveEmbedMessage,!1),l.addEventListener(\"DOMContentLoaded\",function(){for(var e,t,s=l.querySelectorAll(\"iframe.wp-embedded-content\"),r=0;r<s.length;r++)(t=(e=s[r]).getAttribute(\"data-secret\"))||(t=Math.random().toString(36).substring(2,12),e.src+=\"#?secret=\"+t,e.setAttribute(\"data-secret\",t)),e.contentWindow.postMessage({message:\"ready\",secret:t},\"*\")},!1)))}(window,document);\n\/\/# sourceURL=https:\/\/resibo.pl\/blog\/wp-includes\/js\/wp-embed.min.js\n\/* ]]> *\/\n<\/script>\n","thumbnail_url":"https:\/\/resibo.pl\/blog\/wp-content\/uploads\/2018\/09\/DSC_0882-scaled.jpg","thumbnail_width":1994,"thumbnail_height":2560,"description":"Nareszcie jest!\u00a0Nasze najm\u0142odsze dziecko &#8211; Energetyzuj\u0105ca esencja odm\u0142adzaj\u0105ca. Pracowali\u015bmy nad ni\u0105 baaaardzo d\u0142ugo.\u00a0Premiera by\u0142a\u00a0planowana na czerwiec, ale po drodze\u00a0mieli\u015bmy wiele\u00a0r\u00f3\u017cnych perypetii, kt\u00f3re kiedy\u015b na pewno b\u0119dziemy wspomina\u0107 ze \u015bmiechem. Dzisiaj po prostu cieszymy si\u0119, \u017ce mo\u017cemy Wam przedstawi\u0107\u00a0kosmetyk, kt\u00f3ry b\u0119dzie naprawd\u0119 mocnym\u00a0punktem dziennej piel\u0119gnacji. Ten kosmetyk powsta\u0142 z my\u015bl\u0105 o tym, jak wygl\u0105da nasza codzienno\u015b\u0107..."}