{"version":"1.0","provider_name":"Kosmetyki naturalne Resibo","provider_url":"https:\/\/resibo.pl\/blog","title":"Premiera balsamu do ust - szcz\u0119\u015bliwa 30-tka - Kosmetyki naturalne Resibo","type":"rich","width":600,"height":338,"html":"<blockquote class=\"wp-embedded-content\" data-secret=\"zXDWOtGi3i\"><a href=\"https:\/\/resibo.pl\/blog\/premiera-balsamu-do-ust-szczesliwa-30-tka\/\">Premiera balsamu do ust &#8211; szcz\u0119\u015bliwa 30-tka<\/a><\/blockquote><iframe sandbox=\"allow-scripts\" security=\"restricted\" src=\"https:\/\/resibo.pl\/blog\/premiera-balsamu-do-ust-szczesliwa-30-tka\/embed\/#?secret=zXDWOtGi3i\" width=\"600\" height=\"338\" title=\"&#8222;Premiera balsamu do ust &#8211; szcz\u0119\u015bliwa 30-tka&#8221; &#8212; Kosmetyki naturalne Resibo\" data-secret=\"zXDWOtGi3i\" frameborder=\"0\" marginwidth=\"0\" marginheight=\"0\" scrolling=\"no\" class=\"wp-embedded-content\"><\/iframe><script type=\"text\/javascript\">\n\/* <![CDATA[ *\/\n\/*! This file is auto-generated *\/\n!function(d,l){\"use strict\";l.querySelector&&d.addEventListener&&\"undefined\"!=typeof URL&&(d.wp=d.wp||{},d.wp.receiveEmbedMessage||(d.wp.receiveEmbedMessage=function(e){var t=e.data;if((t||t.secret||t.message||t.value)&&!\/[^a-zA-Z0-9]\/.test(t.secret)){for(var s,r,n,a=l.querySelectorAll('iframe[data-secret=\"'+t.secret+'\"]'),o=l.querySelectorAll('blockquote[data-secret=\"'+t.secret+'\"]'),c=new RegExp(\"^https?:$\",\"i\"),i=0;i<o.length;i++)o[i].style.display=\"none\";for(i=0;i<a.length;i++)s=a[i],e.source===s.contentWindow&&(s.removeAttribute(\"style\"),\"height\"===t.message?(1e3<(r=parseInt(t.value,10))?r=1e3:~~r<200&&(r=200),s.height=r):\"link\"===t.message&&(r=new URL(s.getAttribute(\"src\")),n=new URL(t.value),c.test(n.protocol))&&n.host===r.host&&l.activeElement===s&&(d.top.location.href=t.value))}},d.addEventListener(\"message\",d.wp.receiveEmbedMessage,!1),l.addEventListener(\"DOMContentLoaded\",function(){for(var e,t,s=l.querySelectorAll(\"iframe.wp-embedded-content\"),r=0;r<s.length;r++)(t=(e=s[r]).getAttribute(\"data-secret\"))||(t=Math.random().toString(36).substring(2,12),e.src+=\"#?secret=\"+t,e.setAttribute(\"data-secret\",t)),e.contentWindow.postMessage({message:\"ready\",secret:t},\"*\")},!1)))}(window,document);\n\/\/# sourceURL=https:\/\/resibo.pl\/blog\/wp-includes\/js\/wp-embed.min.js\n\/* ]]> *\/\n<\/script>\n","thumbnail_url":"https:\/\/resibo.pl\/blog\/wp-content\/uploads\/2017\/03\/DSC_6429-scaled-630x420.jpg","thumbnail_width":600,"thumbnail_height":400,"description":"Wczoraj odby\u0142a si\u0119 d\u0142ugo oczekiwana premiera koj\u0105cego balsamu do ust. Wyczekiwana, uwierzcie nam, r\u00f3wnie\u017c przez nas, zw\u0142aszcza \u017ce po testach\u00a0najm\u0142odszego (i najmniejszego) dziecka Resibo wiedzieli\u015bmy, \u017ce spe\u0142nia znacznie wi\u0119cej oczekiwa\u0144, ni\u017c\u00a0sami\u00a0si\u0119 spodziewali\u015bmy. Po prostu uzale\u017cnia, cho\u0107 nie ma \u017cadnych takich substancji \ud83d\ude09 i my ju\u017c nie mo\u017cemy si\u0119 z nim rozsta\u0107. Jak wiecie, premiera ka\u017cdego\u00a0nowego..."}